{"id":1205,"date":"2025-03-18T01:28:41","date_gmt":"2025-03-18T00:28:41","guid":{"rendered":"https:\/\/www.arelocation.com\/integrante\/connie-ronn\/"},"modified":"2025-11-25T14:16:59","modified_gmt":"2025-11-25T13:16:59","slug":"connie-ronn","status":"publish","type":"integrante","link":"https:\/\/www.arelocation.com\/fr\/integrante\/connie-ronn\/","title":{"rendered":"Connie R\u00f6nn"},"content":{"rendered":"\n<p>N\u00e9e au Br\u00e9sil, Connie a toujours \u00e9t\u00e9 entour\u00e9e de cultures diverses, ce qui a \u00e9veill\u00e9 sa passion pour la relocalisation et les opportunit\u00e9s internationales. Elle a \u00e9tudi\u00e9 dans une \u00e9cole allemande, ce qui a \u00e9largi sa vision globale, et a v\u00e9cu deux ans aux \u00c9tats-Unis, ce qui a encore approfondi sa perspective internationale. Sa vocation pour la relocalisation remonte \u00e0 loin, et il aime apporter son exp\u00e9rience et son expertise pour aider les autres \u00e0 naviguer dans les complexit\u00e9s du d\u00e9m\u00e9nagement et de l&#8217;installation dans de nouveaux environnements.  <\/p>\n\n<p>Connie a fond\u00e9 Relocate Consulting il y a 25 ans et poursuit sa carri\u00e8re chez <strong>aRelocation<\/strong>, fid\u00e8le \u00e0 son d\u00e9sir de continuer \u00e0 travailler avec la communaut\u00e9 internationale de la mobilit\u00e9 globale.  <\/p>\n","protected":false},"excerpt":{"rendered":"<p>Fondateur<\/p>\n","protected":false},"featured_media":905,"template":"","meta":{"_acf_changed":false,"_seopress_robots_primary_cat":"","_seopress_titles_title":"","_seopress_titles_desc":"","_seopress_robots_index":""},"class_list":["post-1205","integrante","type-integrante","status-publish","has-post-thumbnail","hentry"],"acf":[],"_links":{"self":[{"href":"https:\/\/www.arelocation.com\/fr\/wp-json\/wp\/v2\/integrante\/1205","targetHints":{"allow":["GET"]}}],"collection":[{"href":"https:\/\/www.arelocation.com\/fr\/wp-json\/wp\/v2\/integrante"}],"about":[{"href":"https:\/\/www.arelocation.com\/fr\/wp-json\/wp\/v2\/types\/integrante"}],"wp:featuredmedia":[{"embeddable":true,"href":"https:\/\/www.arelocation.com\/fr\/wp-json\/wp\/v2\/media\/905"}],"wp:attachment":[{"href":"https:\/\/www.arelocation.com\/fr\/wp-json\/wp\/v2\/media?parent=1205"}],"curies":[{"name":"wp","href":"https:\/\/api.w.org\/{rel}","templated":true}]}}