{"id":1213,"date":"2025-03-18T01:23:08","date_gmt":"2025-03-18T00:23:08","guid":{"rendered":"https:\/\/www.arelocation.com\/integrante\/joan-lloveras\/"},"modified":"2026-02-17T11:05:32","modified_gmt":"2026-02-17T10:05:32","slug":"joan-lloveras","status":"publish","type":"integrante","link":"https:\/\/www.arelocation.com\/fr\/integrante\/joan-lloveras\/","title":{"rendered":"Joan Lloveras"},"content":{"rendered":"\n<p>Joan est un professionnel engag\u00e9 et passionn\u00e9 dans le secteur de la relocalisation et de l&#8217;immigration, avec plus de trois ans d&#8217;exp\u00e9rience dans ce domaine.<\/p>\n\n\n\n<p>Chez aRelocation, Joan se consacre \u00e0 fournir des solutions personnalis\u00e9es de haute qualit\u00e9 pour faciliter la relocalisation des expatri\u00e9s, en veillant \u00e0 ce que chaque client re\u00e7oive le soutien n\u00e9cessaire pour une transition r\u00e9ussie. Son approche professionnelle, son charisme et son souci du d\u00e9tail sont essentiels pour garantir une exp\u00e9rience positive \u00e0 tous ceux qui font appel \u00e0 nos services. <br><br>Il est technicien sup\u00e9rieur en documentation et administration de la sant\u00e9 et a effectu\u00e9 des stages \u00e0 l&#8217;Hospital Cl\u00ednic de Barcelona, ce qui lui a permis d&#8217;acqu\u00e9rir de solides bases en mati\u00e8re de service \u00e0 la client\u00e8le et de gestion. Il a \u00e9galement suivi une formation en syst\u00e8mes informatiques et en administration de r\u00e9seaux, ce qui lui a permis d&#8217;\u00e9largir ses comp\u00e9tences en informatique.<\/p>\n","protected":false},"excerpt":{"rendered":"<p>Consultant Senior<\/p>\n","protected":false},"featured_media":914,"template":"","meta":{"_acf_changed":false,"_seopress_robots_primary_cat":"","_seopress_titles_title":"","_seopress_titles_desc":"","_seopress_robots_index":""},"class_list":["post-1213","integrante","type-integrante","status-publish","has-post-thumbnail","hentry"],"acf":[],"_links":{"self":[{"href":"https:\/\/www.arelocation.com\/fr\/wp-json\/wp\/v2\/integrante\/1213","targetHints":{"allow":["GET"]}}],"collection":[{"href":"https:\/\/www.arelocation.com\/fr\/wp-json\/wp\/v2\/integrante"}],"about":[{"href":"https:\/\/www.arelocation.com\/fr\/wp-json\/wp\/v2\/types\/integrante"}],"wp:featuredmedia":[{"embeddable":true,"href":"https:\/\/www.arelocation.com\/fr\/wp-json\/wp\/v2\/media\/914"}],"wp:attachment":[{"href":"https:\/\/www.arelocation.com\/fr\/wp-json\/wp\/v2\/media?parent=1213"}],"curies":[{"name":"wp","href":"https:\/\/api.w.org\/{rel}","templated":true}]}}